{"id":1635,"date":"2024-09-20T09:38:31","date_gmt":"2024-09-20T07:38:31","guid":{"rendered":"https:\/\/www.the-essence.com\/event\/chakra-kundalini-parashaktikrya\/"},"modified":"2024-12-16T10:57:06","modified_gmt":"2024-12-16T09:57:06","slug":"chakra-kundalini-parashaktikriya","status":"publish","type":"tribe_events","link":"https:\/\/www.the-essence.com\/en\/event\/chakra-kundalini-parashaktikriya\/","title":{"rendered":"Chakra, Kundalini, Parashaktikriya"},"content":{"rendered":"<h3>Seminar 2: Einwochen-Seminar \u00bbChakra, Kundalini, Parashaktikriya\u00ab<\/h3>\n<p>Ort: Burg Balduinstein bei Limburg, Burgweg 7, D-65558 Balduinstein<br \/>\nDatum: 06.\u201310. Oktober 2025, Beginn: 12:00 Uhr, Ende Freitag: 12:00 Uhr, Teilnahmegeb\u00fchr: 640 \u20ac<\/p>\n<p>Der Begriff <em>Chakras<\/em> kommt aus dem Sanskrit, der Sprache der Inder und bedeutet \u00bbR\u00e4der\u00ab; ein Hinweis darauf, dass die Chakras \u2013 wichtige Energiezentren, deren Sitz mit bestimmten menschlichen K\u00f6rperregionen in Verbindung gebracht werden, untereinander in enger Verbindung stehen. Es gibt hunderte von Chakras, aber gemeint sind praktisch immer die sieben wichtigsten unter ihnen, die Hauptchakras.<\/p>\n<p>Diese Energiezentren sind nicht physischer Natur \u2013 sie sind nicht sichtbar, aber f\u00fcr unsere psychospirituelle Entwicklung von au\u00dferordentlich wichtiger Bedeutung. Es geht um die Frage, ob und welche dieser Chakras bei uns geschlossen, aktiv, ge\u00f6ffnet oder durchsto\u00dfen sind. Ein guter Grund also, sich in diesem Seminar mit dem Thema etwas gr\u00fcndlicher zu besch\u00e4ftigen: Wie k\u00f6nnen wir unsere psychospirituelle Entwicklung erkennen und selbst einordnen? Wo genau ist der Sitz dieser Chakras? Was sind Kshetams (Gegenchakras), wie h\u00e4ngen sie in ihrer Wirkung untereinander zusammen? Wie lassen sich Chakras reinigen, \u00f6ffnen, durchsto\u00dfen und aktivieren? Was sind Nadis und Koshas? In welcher Weise wirkt die Technik Parashaktikriya auf unser feinstoffliches System, die Nadis, die Chakras und damit auf die verschiedenen Koshas (H\u00fcllen) ein? Ein Mix aus praktischen \u00dcbungen, Vortr\u00e4gen, gemeinsamen Unternehmungen und Austausch wird deinen Blick und dein Verst\u00e4ndnis f\u00fcr dich selbst, andere und die Welt ver\u00e4ndern.<\/p>\n<p>W\u00e4hrend des Seminars wird es gen\u00fcgend Pausen geben; es wird ausreichend pers\u00f6nlicher Raum f\u00fcr dich und Begegnungen mit anderen zur Verf\u00fcgung stehen.<\/p>\n<p><strong>Montag, 06.10.2025<\/strong><br \/>\n12:00 Uhr: Begr\u00fc\u00dfung\/Eingangsrunde\/Programm\u00fcbersicht\/Orga<br \/>\n13:00 Uhr: Feuer-Ritual mit Rezitation vom Ankermantra, Erkl\u00e4rung zum Ankermantra<br \/>\n13:30 Uhr: Meditation<br \/>\n14:00 Uhr: Einf\u00fchrungsvortrag: Chakra, Kundalini, Parashaktikriya<br \/>\n15:00 Uhr: Pause<br \/>\n16:30 Uhr: Parashaktikriya \u2013 gef\u00fchrte Meditation<br \/>\n17:30 Uhr: Satsang<br \/>\n18:00 Uhr: Ende<\/p>\n<p><strong>Dienstag, 07.10.2025<\/strong><br \/>\n09:00 Uhr: K\u00f6rperarbeit, Parashaktikriya \u2013 gef\u00fchrte Meditation, Saradhyanakriya<br \/>\n10:00 Uhr: Meditation<br \/>\n11:00 Uhr: Mikropraktiken: Die Teacherhouse Reihe<br \/>\n12:00 Uhr: Vortrag: Parashaktikriya und die Chakras<br \/>\n13:00 Uhr: Pause<br \/>\n15:30 Uhr: Praxisworkshop: Beschreibung und Sitz der Chakras<br \/>\n16:30 Uhr: Meditation<br \/>\n17:30 Uhr: Satsang<br \/>\n18:00 Uhr: Ende<\/p>\n<p><strong>Mittwoch, 08.10.2025<\/strong><br \/>\n09:00 Uhr: K\u00f6rperarbeit, Parashaktikriya \u2013 gef\u00fchrte Meditation, Saradhyanakriya<br \/>\n10:00 Uhr: Meditation<br \/>\n11:00 Uhr: Vortrag: Chakras\/Zusammenh\u00e4nge, Funktion und Aktivierungsgrad<br \/>\n12:00 Uhr: Praxisworkshop: Chakras<br \/>\n13:00 Uhr: Pause<br \/>\n15:30 Uhr: Befindlichkeitsrunde<br \/>\n17:30 Uhr: Satsang<br \/>\n18:00 Uhr: Ende<\/p>\n<p><strong>Donnerstag, 09.10.2025<\/strong><br \/>\n09:00 Uhr: K\u00f6rperarbeit, Parashaktikriya \u2013 gef\u00fchrte Meditation, Saradhyanakriya<br \/>\n10:00 Uhr: Meditation<br \/>\n11:00 Uhr: Sutralesen<br \/>\n12:00 Uhr: Aphorismen (Sutra): Hara, Muladhara, Swadhistana<br \/>\n13:00 Uhr: Pause 15:30 Uhr Meditation<br \/>\n16:30 Uhr: Zusammenfassung, Reflexion, Fragen und Antworten<br \/>\n17:30 Uhr: Satsang<br \/>\n18:00 Uhr: Ende<\/p>\n<p><strong>Freitag, 10.10.2025<\/strong><br \/>\n09:00 Uhr: Parashaktikriya, anschlie\u00dfend Saradhyanakriya<br \/>\n10:00 Uhr: Satsang: Fragen und Antworten zu allen behandelten Themen<br \/>\n11:00 Uhr: Abschlusskreis<br \/>\n12:00 Uhr: Ende<\/p>\n<p>\u00dcbernachtung und Verpflegung: Die \u00dcbernachtungs und Verpflegungskosten sind nicht im Seminarpreis enthalten. Die Unterkunft ist sehr einfach (Doppel\/Mehrbettzimmer); sie betr\u00e4gt 15 \u20ac\/Nacht und eine einmalige Reinigungspauschale von 4 \u20ac\/Person. Gekocht wird gemeinsam. Das Essen ist vegetarisch. Den Einkauf erledigen wir (Wr m\u00f6chte dabei sein?) Montag Vormittag vor Seminarbeginn.<br \/>\nMitzubringen sind: Bettzeug, Handt\u00fccher, Wecker, wetterfeste Bekleidung, Schuhe, 1\u20132 Decken, ggf. Meditationskissen, Yogamatten, Schreibzeug.<\/p>\n<h3>Monatliche Zusammenkunft online per Zoom<\/h3>\n<p>In der Jahresgruppe geht es darum, beide dieser Dimensionen zu erkunden und sich mit ihnen vertraut zu machen. Nicht durch akademisches Studium, sondern durch unser lebendiges Erleben. Besonders die Gemeinschaft und der Austausch mit anderen \u00bbReisenden\u00ab kann dabei von gro\u00dfem Nutzen sein. Daher gibt es zus\u00e4tzlich regelm\u00e4\u00dfige Treffen per Zoom (einmal im Monat Dienstags um 19:30). Vor Beginn des Meetings wird ein Einladungslink versendet, der den Zugang zu den Meetings freigibt.<\/p>\n","protected":false},"excerpt":{"rendered":"<p>auf Burg Balduinstein bei Limburg<\/p>\n","protected":false},"author":3,"featured_media":1214,"template":"","meta":{"_tribe_events_status":"","_tribe_events_status_reason":"","footnotes":""},"tags":[],"tribe_events_cat":[],"class_list":["post-1635","tribe_events","type-tribe_events","status-publish","has-post-thumbnail","hentry"],"yoast_head":"<!-- This site is optimized with the Yoast SEO plugin v27.5 - https:\/\/yoast.com\/product\/yoast-seo-wordpress\/ -->\n<title>Chakra, Kundalini, Parashaktikriya - The Essence<\/title>\n<meta name=\"robots\" content=\"index, follow, max-snippet:-1, max-image-preview:large, max-video-preview:-1\" \/>\n<link rel=\"canonical\" href=\"https:\/\/www.the-essence.com\/en\/event\/chakra-kundalini-parashaktikriya\/\" \/>\n<meta property=\"og:locale\" content=\"en_US\" \/>\n<meta property=\"og:type\" content=\"article\" \/>\n<meta property=\"og:title\" content=\"Chakra, Kundalini, Parashaktikriya - The Essence\" \/>\n<meta property=\"og:description\" content=\"auf Burg Balduinstein bei Limburg\" \/>\n<meta property=\"og:url\" content=\"https:\/\/www.the-essence.com\/en\/event\/chakra-kundalini-parashaktikriya\/\" \/>\n<meta property=\"og:site_name\" content=\"The Essence\" \/>\n<meta property=\"article:modified_time\" content=\"2024-12-16T09:57:06+00:00\" \/>\n<meta property=\"og:image\" content=\"https:\/\/www.the-essence.com\/wp-content\/uploads\/2022\/02\/the-essence-schule-formlose-mystik-yoga-header-opt.jpg\" \/>\n\t<meta property=\"og:image:width\" content=\"1600\" \/>\n\t<meta property=\"og:image:height\" content=\"900\" \/>\n\t<meta property=\"og:image:type\" content=\"image\/jpeg\" \/>\n<meta name=\"twitter:card\" content=\"summary_large_image\" \/>\n<meta name=\"twitter:label1\" content=\"Est. reading time\" \/>\n\t<meta name=\"twitter:data1\" content=\"4 minutes\" \/>\n<script type=\"application\/ld+json\" class=\"yoast-schema-graph\">{\"@context\":\"https:\\\/\\\/schema.org\",\"@graph\":[{\"@type\":\"WebPage\",\"@id\":\"https:\\\/\\\/www.the-essence.com\\\/en\\\/event\\\/chakra-kundalini-parashaktikriya\\\/\",\"url\":\"https:\\\/\\\/www.the-essence.com\\\/en\\\/event\\\/chakra-kundalini-parashaktikriya\\\/\",\"name\":\"Chakra, Kundalini, Parashaktikriya - The Essence\",\"isPartOf\":{\"@id\":\"https:\\\/\\\/www.the-essence.com\\\/en\\\/#website\"},\"primaryImageOfPage\":{\"@id\":\"https:\\\/\\\/www.the-essence.com\\\/en\\\/event\\\/chakra-kundalini-parashaktikriya\\\/#primaryimage\"},\"image\":{\"@id\":\"https:\\\/\\\/www.the-essence.com\\\/en\\\/event\\\/chakra-kundalini-parashaktikriya\\\/#primaryimage\"},\"thumbnailUrl\":\"https:\\\/\\\/www.the-essence.com\\\/wp-content\\\/uploads\\\/2022\\\/02\\\/the-essence-schule-formlose-mystik-yoga-header-opt.jpg\",\"datePublished\":\"2024-09-20T07:38:31+00:00\",\"dateModified\":\"2024-12-16T09:57:06+00:00\",\"breadcrumb\":{\"@id\":\"https:\\\/\\\/www.the-essence.com\\\/en\\\/event\\\/chakra-kundalini-parashaktikriya\\\/#breadcrumb\"},\"inLanguage\":\"en-US\",\"potentialAction\":[{\"@type\":\"ReadAction\",\"target\":[\"https:\\\/\\\/www.the-essence.com\\\/en\\\/event\\\/chakra-kundalini-parashaktikriya\\\/\"]}]},{\"@type\":\"ImageObject\",\"inLanguage\":\"en-US\",\"@id\":\"https:\\\/\\\/www.the-essence.com\\\/en\\\/event\\\/chakra-kundalini-parashaktikriya\\\/#primaryimage\",\"url\":\"https:\\\/\\\/www.the-essence.com\\\/wp-content\\\/uploads\\\/2022\\\/02\\\/the-essence-schule-formlose-mystik-yoga-header-opt.jpg\",\"contentUrl\":\"https:\\\/\\\/www.the-essence.com\\\/wp-content\\\/uploads\\\/2022\\\/02\\\/the-essence-schule-formlose-mystik-yoga-header-opt.jpg\",\"width\":1600,\"height\":900,\"caption\":\"Header von The Essence \u2013 Formlose Mystik Yoga\"},{\"@type\":\"BreadcrumbList\",\"@id\":\"https:\\\/\\\/www.the-essence.com\\\/en\\\/event\\\/chakra-kundalini-parashaktikriya\\\/#breadcrumb\",\"itemListElement\":[{\"@type\":\"ListItem\",\"position\":1,\"name\":\"Startseite\",\"item\":\"https:\\\/\\\/www.the-essence.com\\\/en\\\/\"},{\"@type\":\"ListItem\",\"position\":2,\"name\":\"Events\",\"item\":\"https:\\\/\\\/www.the-essence.com\\\/en\\\/events\\\/\"},{\"@type\":\"ListItem\",\"position\":3,\"name\":\"Chakra, Kundalini, Parashaktikriya\"}]},{\"@type\":\"WebSite\",\"@id\":\"https:\\\/\\\/www.the-essence.com\\\/en\\\/#website\",\"url\":\"https:\\\/\\\/www.the-essence.com\\\/en\\\/\",\"name\":\"The Essence\",\"description\":\"Integrale Schule f\u00fcr formlose Mystik\",\"publisher\":{\"@id\":\"https:\\\/\\\/www.the-essence.com\\\/en\\\/#organization\"},\"potentialAction\":[{\"@type\":\"SearchAction\",\"target\":{\"@type\":\"EntryPoint\",\"urlTemplate\":\"https:\\\/\\\/www.the-essence.com\\\/en\\\/?s={search_term_string}\"},\"query-input\":{\"@type\":\"PropertyValueSpecification\",\"valueRequired\":true,\"valueName\":\"search_term_string\"}}],\"inLanguage\":\"en-US\"},{\"@type\":\"Organization\",\"@id\":\"https:\\\/\\\/www.the-essence.com\\\/en\\\/#organization\",\"name\":\"The Essence\",\"url\":\"https:\\\/\\\/www.the-essence.com\\\/en\\\/\",\"logo\":{\"@type\":\"ImageObject\",\"inLanguage\":\"en-US\",\"@id\":\"https:\\\/\\\/www.the-essence.com\\\/en\\\/#\\\/schema\\\/logo\\\/image\\\/\",\"url\":\"https:\\\/\\\/www.the-essence.com\\\/wp-content\\\/uploads\\\/2021\\\/12\\\/the-essence-logo-3.png\",\"contentUrl\":\"https:\\\/\\\/www.the-essence.com\\\/wp-content\\\/uploads\\\/2021\\\/12\\\/the-essence-logo-3.png\",\"width\":1000,\"height\":417,\"caption\":\"The Essence\"},\"image\":{\"@id\":\"https:\\\/\\\/www.the-essence.com\\\/en\\\/#\\\/schema\\\/logo\\\/image\\\/\"}}]}<\/script>\n<!-- \/ Yoast SEO plugin. -->","yoast_head_json":{"title":"Chakra, Kundalini, Parashaktikriya - The Essence","robots":{"index":"index","follow":"follow","max-snippet":"max-snippet:-1","max-image-preview":"max-image-preview:large","max-video-preview":"max-video-preview:-1"},"canonical":"https:\/\/www.the-essence.com\/en\/event\/chakra-kundalini-parashaktikriya\/","og_locale":"en_US","og_type":"article","og_title":"Chakra, Kundalini, Parashaktikriya - The Essence","og_description":"auf Burg Balduinstein bei Limburg","og_url":"https:\/\/www.the-essence.com\/en\/event\/chakra-kundalini-parashaktikriya\/","og_site_name":"The Essence","article_modified_time":"2024-12-16T09:57:06+00:00","og_image":[{"width":1600,"height":900,"url":"https:\/\/www.the-essence.com\/wp-content\/uploads\/2022\/02\/the-essence-schule-formlose-mystik-yoga-header-opt.jpg","type":"image\/jpeg"}],"twitter_card":"summary_large_image","twitter_misc":{"Est. reading time":"4 minutes"},"schema":{"@context":"https:\/\/schema.org","@graph":[{"@type":"WebPage","@id":"https:\/\/www.the-essence.com\/en\/event\/chakra-kundalini-parashaktikriya\/","url":"https:\/\/www.the-essence.com\/en\/event\/chakra-kundalini-parashaktikriya\/","name":"Chakra, Kundalini, Parashaktikriya - The Essence","isPartOf":{"@id":"https:\/\/www.the-essence.com\/en\/#website"},"primaryImageOfPage":{"@id":"https:\/\/www.the-essence.com\/en\/event\/chakra-kundalini-parashaktikriya\/#primaryimage"},"image":{"@id":"https:\/\/www.the-essence.com\/en\/event\/chakra-kundalini-parashaktikriya\/#primaryimage"},"thumbnailUrl":"https:\/\/www.the-essence.com\/wp-content\/uploads\/2022\/02\/the-essence-schule-formlose-mystik-yoga-header-opt.jpg","datePublished":"2024-09-20T07:38:31+00:00","dateModified":"2024-12-16T09:57:06+00:00","breadcrumb":{"@id":"https:\/\/www.the-essence.com\/en\/event\/chakra-kundalini-parashaktikriya\/#breadcrumb"},"inLanguage":"en-US","potentialAction":[{"@type":"ReadAction","target":["https:\/\/www.the-essence.com\/en\/event\/chakra-kundalini-parashaktikriya\/"]}]},{"@type":"ImageObject","inLanguage":"en-US","@id":"https:\/\/www.the-essence.com\/en\/event\/chakra-kundalini-parashaktikriya\/#primaryimage","url":"https:\/\/www.the-essence.com\/wp-content\/uploads\/2022\/02\/the-essence-schule-formlose-mystik-yoga-header-opt.jpg","contentUrl":"https:\/\/www.the-essence.com\/wp-content\/uploads\/2022\/02\/the-essence-schule-formlose-mystik-yoga-header-opt.jpg","width":1600,"height":900,"caption":"Header von The Essence \u2013 Formlose Mystik Yoga"},{"@type":"BreadcrumbList","@id":"https:\/\/www.the-essence.com\/en\/event\/chakra-kundalini-parashaktikriya\/#breadcrumb","itemListElement":[{"@type":"ListItem","position":1,"name":"Startseite","item":"https:\/\/www.the-essence.com\/en\/"},{"@type":"ListItem","position":2,"name":"Events","item":"https:\/\/www.the-essence.com\/en\/events\/"},{"@type":"ListItem","position":3,"name":"Chakra, Kundalini, Parashaktikriya"}]},{"@type":"WebSite","@id":"https:\/\/www.the-essence.com\/en\/#website","url":"https:\/\/www.the-essence.com\/en\/","name":"The Essence","description":"Integrale Schule f\u00fcr formlose Mystik","publisher":{"@id":"https:\/\/www.the-essence.com\/en\/#organization"},"potentialAction":[{"@type":"SearchAction","target":{"@type":"EntryPoint","urlTemplate":"https:\/\/www.the-essence.com\/en\/?s={search_term_string}"},"query-input":{"@type":"PropertyValueSpecification","valueRequired":true,"valueName":"search_term_string"}}],"inLanguage":"en-US"},{"@type":"Organization","@id":"https:\/\/www.the-essence.com\/en\/#organization","name":"The Essence","url":"https:\/\/www.the-essence.com\/en\/","logo":{"@type":"ImageObject","inLanguage":"en-US","@id":"https:\/\/www.the-essence.com\/en\/#\/schema\/logo\/image\/","url":"https:\/\/www.the-essence.com\/wp-content\/uploads\/2021\/12\/the-essence-logo-3.png","contentUrl":"https:\/\/www.the-essence.com\/wp-content\/uploads\/2021\/12\/the-essence-logo-3.png","width":1000,"height":417,"caption":"The Essence"},"image":{"@id":"https:\/\/www.the-essence.com\/en\/#\/schema\/logo\/image\/"}}]}},"_links":{"self":[{"href":"https:\/\/www.the-essence.com\/en\/wp-json\/wp\/v2\/tribe_events\/1635","targetHints":{"allow":["GET"]}}],"collection":[{"href":"https:\/\/www.the-essence.com\/en\/wp-json\/wp\/v2\/tribe_events"}],"about":[{"href":"https:\/\/www.the-essence.com\/en\/wp-json\/wp\/v2\/types\/tribe_events"}],"author":[{"embeddable":true,"href":"https:\/\/www.the-essence.com\/en\/wp-json\/wp\/v2\/users\/3"}],"version-history":[{"count":8,"href":"https:\/\/www.the-essence.com\/en\/wp-json\/wp\/v2\/tribe_events\/1635\/revisions"}],"predecessor-version":[{"id":1684,"href":"https:\/\/www.the-essence.com\/en\/wp-json\/wp\/v2\/tribe_events\/1635\/revisions\/1684"}],"wp:featuredmedia":[{"embeddable":true,"href":"https:\/\/www.the-essence.com\/en\/wp-json\/wp\/v2\/media\/1214"}],"wp:attachment":[{"href":"https:\/\/www.the-essence.com\/en\/wp-json\/wp\/v2\/media?parent=1635"}],"wp:term":[{"taxonomy":"post_tag","embeddable":true,"href":"https:\/\/www.the-essence.com\/en\/wp-json\/wp\/v2\/tags?post=1635"},{"taxonomy":"tribe_events_cat","embeddable":true,"href":"https:\/\/www.the-essence.com\/en\/wp-json\/wp\/v2\/tribe_events_cat?post=1635"}],"curies":[{"name":"wp","href":"https:\/\/api.w.org\/{rel}","templated":true}]}}