{"id":1587,"date":"2024-02-20T14:27:47","date_gmt":"2024-02-20T13:27:47","guid":{"rendered":"https:\/\/www.the-essence.com\/event\/das-psychische-wesen\/"},"modified":"2024-09-20T09:52:18","modified_gmt":"2024-09-20T07:52:18","slug":"das-psychische-wesen","status":"publish","type":"tribe_events","link":"https:\/\/www.the-essence.com\/en\/event\/das-psychische-wesen\/","title":{"rendered":"The psychic being"},"content":{"rendered":"<p><strong>Probeteilnahme Jahresgruppe<\/strong> <\/p>\n<p>Die Probe-Teilnahme l\u00e4uft bis zum Jahresende und beinhaltet zwei Elemente:<br \/>\n1. Die Teilnahme am Einwochen-Seminar \u00bbDas psychische Wesen\u00ab<br \/>\n2. Eine monatliche Zusammenkunft (online per Zoom)<br \/>\nBeitrag: 648 \u20ac   <\/p>\n<h3><strong>1. Einwochen-Seminar \u00bbDas psychische Wesen\u00ab (Kontraktionen der Manamaya Kosha)<\/strong><\/h3>\n<p>Ort: Burg Balduinstein bei Limburg, Burgweg 7, D-65558 Balduinstein<br \/>\natum: 7. \u201311. Oktober 2024, Beginn: 12:00 Uhr, Ende Freitag: 12:00 Uhr <\/p>\n<p>Weiterentwicklung basiert auf einer Reihe von \u00bbS\u00e4ulen\u00ab, die sich letztlich auf zwei grundlegende Elemente reduzieren lassen: Die strukturelle, psychische Entwicklung und die spirituelle Entwicklung. \u00c4hnlich wie die Fl\u00fcgel eines Vogels zusammenwirken m\u00fcssen, m\u00fcssen auch diese beiden Elemente zusammenwirken, damit sich das Verst\u00e4ndnis von uns selbst, unseren Beziehungen und der Welt, in der wir leben, grundlegend vertiefen und ver\u00e4ndern l\u00e4sst. Diese beiden Elemente unterliegen grunds\u00e4tzlich verschiedenen Gesetzen und die meisten Menschen wissen praktisch nichts von ihnen. Auch Fachleute verschiedenster Gebiete werden uns keine Hilfe sein. Denn auch sie entstammen letztlich einer Kultur, deren Werte mehr auf rationalen Vorstellungen basieren als einfach auf dem lebendigen Erleben dessen, was wirklich ist. In diesem Seminar werden wir uns besonders mit der strukturellen, der psychischen Entwicklung besch\u00e4ftigen. Ein Mix aus praktischen \u00dcbungen, Vortr\u00e4gen, gemeinsamen Unternehmungen und Austausch wird deinen Blick und dein Verst\u00e4ndnis f\u00fcr dich selbst, andere und die Welt ver\u00e4ndern. Kein neues System muss dazu erlernt werden. Weder eine neue Lehre ist n\u00f6tig, noch eine andere Weltsicht. Alles was du erfahren wirst, ist und war immer schon in dir selbst vorhanden. W\u00e4hrend des Seminars wird es gen\u00fcgend Pausen geben; es wird ausreichend pers\u00f6nlicher Raum f\u00fcr dich und Begegnungen mit anderen zur Verf\u00fcgung stehen.          <\/p>\n<p><strong>Montag, 07.12.2024<\/strong><br \/>\n12:00 Uhr: Begr\u00fc\u00dfung\/Eingangsrunde\/Programm\u00fcbersicht\/Orga<br \/>\n13:00 Uhr: Feuer-Ritual mit Rezitation vom Ankermantra, Erkl\u00e4rung zum Ankermantra<br \/>\n15:30 Uhr: Meditation<br \/>\n16:00 Uhr: Spirituelle Psychologie I, Vortrag: Meditation l\u00f6st alte Muster (Unterschiedliche Ebenen folgen unterschiedlichen Gesetzen. Diesmal speziell Manomaya Kosha)<br \/>\n16:30 Uhr: Parashaktikriya und Ankern<br \/>\n17:00 Uhr: Spirituelle Psychologie II, Vortrag: Vom Umgang mit Kontraktionen<br \/>\n17:30 Uhr: Satsang<br \/>\n18:00 Uhr: Ende <\/p>\n<p><strong>Dienstag, 08.10.2024<\/strong><br \/>\n09:00 Uhr: K\u00f6rperarbeit, Parashaktikriya \u2013 gef\u00fchrte Meditation, Saradhyanakriya<br \/>\n10:00 Uhr: Praxisworkshop: Sich von Kontraktionen verabschieden<br \/>\n11:00 Uhr: Spirituelle Psychologie III, Vortrag: Schatten sind unbewusste Kontraktionen<br \/>\n12:00 Uhr: Praxisworkshop: Was sind Schatten, Reflexion und Austausch<br \/>\n13:00 Uhr: Pause<br \/>\n15:30 Uhr: Praxisworkshop: Krafttierkarten, Meditation: Schamanische Reise<br \/>\n17:30 Uhr: Satsang<br \/>\n18:00 Uhr: Ende <\/p>\n<p><strong>Mittwoch, 09.10.2024<\/strong><br \/>\n09:00 Uhr: K\u00f6rperarbeit, Parashaktikriya \u2013 gef\u00fchrte Meditation, Saradhyanakriya<br \/>\n10:00 Uhr: Spirituelle Psychologie IV, Vortrag: All-Annahme und Abgeschiedenheit<br \/>\n11:00 Uhr: Praxisworkshop: Der Umgang mit Kontraktionen &#8211; Selbstbefragung<br \/>\n13:00 Uhr: Pause<br \/>\n15:30 Uhr: Befindlichkeitsrunde<br \/>\n17:30 Uhr: Satsang<br \/>\n18:00 Uhr: Ende <\/p>\n<p><strong>Donnerstag,10.10.2024<\/strong><br \/>\n09:00 Uhr: K\u00f6rperarbeit, Parashaktikriya \u2013 gef\u00fchrte Meditation, Saradhyanakriya<br \/>\n10:00 Uhr: Gruppenarbeit mit Aphorismen, Reflextion und Auswertung<br \/>\n11:00 Uhr: Umgang mit Kontraktionen: Ich sorge jetzt f\u00fcr mich<br \/>\n12:00 Uhr: Sutralesen<br \/>\n13:00 Uhr: Pause<br \/>\n15:30 Uhr: Meditation<br \/>\n16:30 Uhr: Zusammenfassung, Reflexion, Fragen und Antworten<br \/>\n17:30 Uhr: Satsang<br \/>\n18:00 Uhr: Ende <\/p>\n<p><strong>Freitag, 11.10.2024<\/strong><br \/>\n09:00 Uhr: Parashaktikriya, anschlie\u00dfend Saradhyanakriya<br \/>\n10:00 Uhr: Satsang: Fragen und Antworten zu allen behandelten Themen<br \/>\n11:00 Uhr: Abschlusskreis<br \/>\n12:00 Uhr: Ende <\/p>\n<p>\u00dcbernachtung und Verpflegung: Die \u00dcbernachtungs und Verpflegungskosten sind nicht im Seminarpreis enthalten. Die Unterkunft ist sehr einfach (Doppel\/Mehrbettzimmer); sie betr\u00e4gt 15 \u20ac\/Nacht und eine einmalige Reinigungspauschale von 4 \u20ac\/Person. Gekocht wird gemeinsam. Das Essen ist vegetarisch. Den Einkauf erledigen wir (wer m\u00f6chte dabei sein?) Montag Vormittag vor Seminarbeginn. Mitzubringen sind: Bettzeug, Handt\u00fccher, Wecker, wetterfeste Bekleidung, Schuhe, 1\u20132 Decken, ggf. Meditationskissen, Yogamatten, Schreibzeug In der Jahresgruppe geht es darum, beide dieser Dimensionen zu erkunden und sich mit ihnen vertraut zu machen. Nicht durch akademisches Studium, sondern durch unser lebendiges Erleben. Besonders die Gemeinschaft und der Austausch mit anderen \u00bbReisenden\u00ab kann dabei von gro\u00dfem Nutzen sein.        <\/p>\n<h3><strong>2. Monatliche Zusammenkunft online per Zoom<\/strong><\/h3>\n<p>In der Jahresgruppe geht es darum, beide dieser Dimensionen zu erkunden und sich mit ihnen vertraut zu machen. Nicht durch akademisches Studium, sondern durch unser lebendiges Erleben. Besonders die Gemeinschaft und der Austausch mit anderen \u00bbReisenden\u00ab kann dabei von gro\u00dfem Nutzen sein. Daher gibt es zus\u00e4tzlich regelm\u00e4\u00dfige Treffen per Zoom (dieses Jahr 14-t\u00e4glich), immer Dienstags um 19:30. Vor Beginn des Meetings wird ein Einladungslink versendet, der den Zugang zu den Meetings freigibt.<\/p>\n<p>&nbsp;<\/p>\n","protected":false},"excerpt":{"rendered":"<p>Trial participation annual group 2024<\/p>\n","protected":false},"author":3,"featured_media":1214,"template":"","meta":{"_tribe_events_status":"","_tribe_events_status_reason":"","footnotes":""},"tags":[],"tribe_events_cat":[],"class_list":["post-1587","tribe_events","type-tribe_events","status-publish","has-post-thumbnail","hentry"],"yoast_head":"<!-- This site is optimized with the Yoast SEO plugin v27.5 - https:\/\/yoast.com\/product\/yoast-seo-wordpress\/ -->\n<title>The psychic being - The Essence<\/title>\n<meta name=\"robots\" content=\"index, follow, max-snippet:-1, max-image-preview:large, max-video-preview:-1\" \/>\n<link rel=\"canonical\" href=\"https:\/\/www.the-essence.com\/en\/event\/das-psychische-wesen\/\" \/>\n<meta property=\"og:locale\" content=\"en_US\" \/>\n<meta property=\"og:type\" content=\"article\" \/>\n<meta property=\"og:title\" content=\"The psychic being - The Essence\" \/>\n<meta property=\"og:description\" content=\"Trial participation annual group 2024\" \/>\n<meta property=\"og:url\" content=\"https:\/\/www.the-essence.com\/en\/event\/das-psychische-wesen\/\" \/>\n<meta property=\"og:site_name\" content=\"The Essence\" \/>\n<meta property=\"article:modified_time\" content=\"2024-09-20T07:52:18+00:00\" \/>\n<meta property=\"og:image\" content=\"https:\/\/www.the-essence.com\/wp-content\/uploads\/2022\/02\/the-essence-schule-formlose-mystik-yoga-header-opt.jpg\" \/>\n\t<meta property=\"og:image:width\" content=\"1600\" \/>\n\t<meta property=\"og:image:height\" content=\"900\" \/>\n\t<meta property=\"og:image:type\" content=\"image\/jpeg\" \/>\n<meta name=\"twitter:card\" content=\"summary_large_image\" \/>\n<meta name=\"twitter:label1\" content=\"Est. reading time\" \/>\n\t<meta name=\"twitter:data1\" content=\"4 minutes\" \/>\n<script type=\"application\/ld+json\" class=\"yoast-schema-graph\">{\"@context\":\"https:\\\/\\\/schema.org\",\"@graph\":[{\"@type\":\"WebPage\",\"@id\":\"https:\\\/\\\/www.the-essence.com\\\/en\\\/event\\\/das-psychische-wesen\\\/\",\"url\":\"https:\\\/\\\/www.the-essence.com\\\/en\\\/event\\\/das-psychische-wesen\\\/\",\"name\":\"The psychic being - The Essence\",\"isPartOf\":{\"@id\":\"https:\\\/\\\/www.the-essence.com\\\/en\\\/#website\"},\"primaryImageOfPage\":{\"@id\":\"https:\\\/\\\/www.the-essence.com\\\/en\\\/event\\\/das-psychische-wesen\\\/#primaryimage\"},\"image\":{\"@id\":\"https:\\\/\\\/www.the-essence.com\\\/en\\\/event\\\/das-psychische-wesen\\\/#primaryimage\"},\"thumbnailUrl\":\"https:\\\/\\\/www.the-essence.com\\\/wp-content\\\/uploads\\\/2022\\\/02\\\/the-essence-schule-formlose-mystik-yoga-header-opt.jpg\",\"datePublished\":\"2024-02-20T13:27:47+00:00\",\"dateModified\":\"2024-09-20T07:52:18+00:00\",\"breadcrumb\":{\"@id\":\"https:\\\/\\\/www.the-essence.com\\\/en\\\/event\\\/das-psychische-wesen\\\/#breadcrumb\"},\"inLanguage\":\"en-US\",\"potentialAction\":[{\"@type\":\"ReadAction\",\"target\":[\"https:\\\/\\\/www.the-essence.com\\\/en\\\/event\\\/das-psychische-wesen\\\/\"]}]},{\"@type\":\"ImageObject\",\"inLanguage\":\"en-US\",\"@id\":\"https:\\\/\\\/www.the-essence.com\\\/en\\\/event\\\/das-psychische-wesen\\\/#primaryimage\",\"url\":\"https:\\\/\\\/www.the-essence.com\\\/wp-content\\\/uploads\\\/2022\\\/02\\\/the-essence-schule-formlose-mystik-yoga-header-opt.jpg\",\"contentUrl\":\"https:\\\/\\\/www.the-essence.com\\\/wp-content\\\/uploads\\\/2022\\\/02\\\/the-essence-schule-formlose-mystik-yoga-header-opt.jpg\",\"width\":1600,\"height\":900,\"caption\":\"Header von The Essence \u2013 Formlose Mystik Yoga\"},{\"@type\":\"BreadcrumbList\",\"@id\":\"https:\\\/\\\/www.the-essence.com\\\/en\\\/event\\\/das-psychische-wesen\\\/#breadcrumb\",\"itemListElement\":[{\"@type\":\"ListItem\",\"position\":1,\"name\":\"Startseite\",\"item\":\"https:\\\/\\\/www.the-essence.com\\\/en\\\/\"},{\"@type\":\"ListItem\",\"position\":2,\"name\":\"Events\",\"item\":\"https:\\\/\\\/www.the-essence.com\\\/en\\\/events\\\/\"},{\"@type\":\"ListItem\",\"position\":3,\"name\":\"The psychic being\"}]},{\"@type\":\"WebSite\",\"@id\":\"https:\\\/\\\/www.the-essence.com\\\/en\\\/#website\",\"url\":\"https:\\\/\\\/www.the-essence.com\\\/en\\\/\",\"name\":\"The Essence\",\"description\":\"Integrale Schule f\u00fcr formlose Mystik\",\"publisher\":{\"@id\":\"https:\\\/\\\/www.the-essence.com\\\/en\\\/#organization\"},\"potentialAction\":[{\"@type\":\"SearchAction\",\"target\":{\"@type\":\"EntryPoint\",\"urlTemplate\":\"https:\\\/\\\/www.the-essence.com\\\/en\\\/?s={search_term_string}\"},\"query-input\":{\"@type\":\"PropertyValueSpecification\",\"valueRequired\":true,\"valueName\":\"search_term_string\"}}],\"inLanguage\":\"en-US\"},{\"@type\":\"Organization\",\"@id\":\"https:\\\/\\\/www.the-essence.com\\\/en\\\/#organization\",\"name\":\"The Essence\",\"url\":\"https:\\\/\\\/www.the-essence.com\\\/en\\\/\",\"logo\":{\"@type\":\"ImageObject\",\"inLanguage\":\"en-US\",\"@id\":\"https:\\\/\\\/www.the-essence.com\\\/en\\\/#\\\/schema\\\/logo\\\/image\\\/\",\"url\":\"https:\\\/\\\/www.the-essence.com\\\/wp-content\\\/uploads\\\/2021\\\/12\\\/the-essence-logo-3.png\",\"contentUrl\":\"https:\\\/\\\/www.the-essence.com\\\/wp-content\\\/uploads\\\/2021\\\/12\\\/the-essence-logo-3.png\",\"width\":1000,\"height\":417,\"caption\":\"The Essence\"},\"image\":{\"@id\":\"https:\\\/\\\/www.the-essence.com\\\/en\\\/#\\\/schema\\\/logo\\\/image\\\/\"}}]}<\/script>\n<!-- \/ Yoast SEO plugin. -->","yoast_head_json":{"title":"The psychic being - The Essence","robots":{"index":"index","follow":"follow","max-snippet":"max-snippet:-1","max-image-preview":"max-image-preview:large","max-video-preview":"max-video-preview:-1"},"canonical":"https:\/\/www.the-essence.com\/en\/event\/das-psychische-wesen\/","og_locale":"en_US","og_type":"article","og_title":"The psychic being - The Essence","og_description":"Trial participation annual group 2024","og_url":"https:\/\/www.the-essence.com\/en\/event\/das-psychische-wesen\/","og_site_name":"The Essence","article_modified_time":"2024-09-20T07:52:18+00:00","og_image":[{"width":1600,"height":900,"url":"https:\/\/www.the-essence.com\/wp-content\/uploads\/2022\/02\/the-essence-schule-formlose-mystik-yoga-header-opt.jpg","type":"image\/jpeg"}],"twitter_card":"summary_large_image","twitter_misc":{"Est. reading time":"4 minutes"},"schema":{"@context":"https:\/\/schema.org","@graph":[{"@type":"WebPage","@id":"https:\/\/www.the-essence.com\/en\/event\/das-psychische-wesen\/","url":"https:\/\/www.the-essence.com\/en\/event\/das-psychische-wesen\/","name":"The psychic being - The Essence","isPartOf":{"@id":"https:\/\/www.the-essence.com\/en\/#website"},"primaryImageOfPage":{"@id":"https:\/\/www.the-essence.com\/en\/event\/das-psychische-wesen\/#primaryimage"},"image":{"@id":"https:\/\/www.the-essence.com\/en\/event\/das-psychische-wesen\/#primaryimage"},"thumbnailUrl":"https:\/\/www.the-essence.com\/wp-content\/uploads\/2022\/02\/the-essence-schule-formlose-mystik-yoga-header-opt.jpg","datePublished":"2024-02-20T13:27:47+00:00","dateModified":"2024-09-20T07:52:18+00:00","breadcrumb":{"@id":"https:\/\/www.the-essence.com\/en\/event\/das-psychische-wesen\/#breadcrumb"},"inLanguage":"en-US","potentialAction":[{"@type":"ReadAction","target":["https:\/\/www.the-essence.com\/en\/event\/das-psychische-wesen\/"]}]},{"@type":"ImageObject","inLanguage":"en-US","@id":"https:\/\/www.the-essence.com\/en\/event\/das-psychische-wesen\/#primaryimage","url":"https:\/\/www.the-essence.com\/wp-content\/uploads\/2022\/02\/the-essence-schule-formlose-mystik-yoga-header-opt.jpg","contentUrl":"https:\/\/www.the-essence.com\/wp-content\/uploads\/2022\/02\/the-essence-schule-formlose-mystik-yoga-header-opt.jpg","width":1600,"height":900,"caption":"Header von The Essence \u2013 Formlose Mystik Yoga"},{"@type":"BreadcrumbList","@id":"https:\/\/www.the-essence.com\/en\/event\/das-psychische-wesen\/#breadcrumb","itemListElement":[{"@type":"ListItem","position":1,"name":"Startseite","item":"https:\/\/www.the-essence.com\/en\/"},{"@type":"ListItem","position":2,"name":"Events","item":"https:\/\/www.the-essence.com\/en\/events\/"},{"@type":"ListItem","position":3,"name":"The psychic being"}]},{"@type":"WebSite","@id":"https:\/\/www.the-essence.com\/en\/#website","url":"https:\/\/www.the-essence.com\/en\/","name":"The Essence","description":"Integrale Schule f\u00fcr formlose Mystik","publisher":{"@id":"https:\/\/www.the-essence.com\/en\/#organization"},"potentialAction":[{"@type":"SearchAction","target":{"@type":"EntryPoint","urlTemplate":"https:\/\/www.the-essence.com\/en\/?s={search_term_string}"},"query-input":{"@type":"PropertyValueSpecification","valueRequired":true,"valueName":"search_term_string"}}],"inLanguage":"en-US"},{"@type":"Organization","@id":"https:\/\/www.the-essence.com\/en\/#organization","name":"The Essence","url":"https:\/\/www.the-essence.com\/en\/","logo":{"@type":"ImageObject","inLanguage":"en-US","@id":"https:\/\/www.the-essence.com\/en\/#\/schema\/logo\/image\/","url":"https:\/\/www.the-essence.com\/wp-content\/uploads\/2021\/12\/the-essence-logo-3.png","contentUrl":"https:\/\/www.the-essence.com\/wp-content\/uploads\/2021\/12\/the-essence-logo-3.png","width":1000,"height":417,"caption":"The Essence"},"image":{"@id":"https:\/\/www.the-essence.com\/en\/#\/schema\/logo\/image\/"}}]}},"_links":{"self":[{"href":"https:\/\/www.the-essence.com\/en\/wp-json\/wp\/v2\/tribe_events\/1587","targetHints":{"allow":["GET"]}}],"collection":[{"href":"https:\/\/www.the-essence.com\/en\/wp-json\/wp\/v2\/tribe_events"}],"about":[{"href":"https:\/\/www.the-essence.com\/en\/wp-json\/wp\/v2\/types\/tribe_events"}],"author":[{"embeddable":true,"href":"https:\/\/www.the-essence.com\/en\/wp-json\/wp\/v2\/users\/3"}],"version-history":[{"count":4,"href":"https:\/\/www.the-essence.com\/en\/wp-json\/wp\/v2\/tribe_events\/1587\/revisions"}],"predecessor-version":[{"id":1639,"href":"https:\/\/www.the-essence.com\/en\/wp-json\/wp\/v2\/tribe_events\/1587\/revisions\/1639"}],"wp:featuredmedia":[{"embeddable":true,"href":"https:\/\/www.the-essence.com\/en\/wp-json\/wp\/v2\/media\/1214"}],"wp:attachment":[{"href":"https:\/\/www.the-essence.com\/en\/wp-json\/wp\/v2\/media?parent=1587"}],"wp:term":[{"taxonomy":"post_tag","embeddable":true,"href":"https:\/\/www.the-essence.com\/en\/wp-json\/wp\/v2\/tags?post=1587"},{"taxonomy":"tribe_events_cat","embeddable":true,"href":"https:\/\/www.the-essence.com\/en\/wp-json\/wp\/v2\/tribe_events_cat?post=1587"}],"curies":[{"name":"wp","href":"https:\/\/api.w.org\/{rel}","templated":true}]}}